{"id":3058,"date":"2024-07-30T15:38:56","date_gmt":"2024-07-30T12:38:56","guid":{"rendered":"https:\/\/farmeda.eu\/salygos-ir-taisykles\/"},"modified":"2026-09-03T13:33:39","modified_gmt":"2026-09-03T10:33:39","slug":"noteikumi-un-nosacijumi","status":"publish","type":"page","link":"https:\/\/farmeda.eu\/lv\/noteikumi-un-nosacijumi\/","title":{"rendered":"Noteikumi un nosac\u012bjumi"},"content":{"rendered":"\n<p class=\"wp-block-paragraph\">Laipni l\u016bdzam farmada.eu!<\/p>\n\n\n\n<p class=\"wp-block-paragraph\">\u0160aj\u0101 dokument\u0101 ir noteikti uz\u0146\u0113muma UAB FARMEDA t\u012bmek\u013ca vietnes <a href=\"https:\/\/farmeda.eu\/lv\/\">https:\/\/farmeda.eu<\/a> lieto\u0161anas noteikumi.<\/p>\n\n\n\n<p class=\"wp-block-paragraph\">Ir svar\u012bgi izprast \u0161os nosac\u012bjumus, jo jums tiem ir j\u0101piekr\u012bt, lai var\u0113tu izmantot m\u016bsu pakalpojumus. Ja nepiekr\u012btat \u0161aj\u0101 dokument\u0101 izkl\u0101st\u012btajiem noteikumiem un nosac\u012bjumiem, jums ir j\u0101atst\u0101j farmada.eu.<\/p>\n\n\n\n<p class=\"wp-block-paragraph\"><strong>M\u0101ksl\u012bgais intelekts (MI):<\/strong><\/p>\n\n\n\n<p class=\"wp-block-paragraph\">T\u012bmek\u013ca vietnes dizain\u0101 un k\u0101 dekorat\u012bvs fons tiek izmantoti ar m\u0101ksl\u012bgo intelektu \u0123ener\u0113ti cilv\u0113ku att\u0113li, kuros nav att\u0113lotas re\u0101las personas.<\/p>\n\n\n\n<p class=\"wp-block-paragraph\"><strong>S\u012bkdatnes:<\/strong><\/p>\n\n\n\n<p class=\"wp-block-paragraph\">\u0160aj\u0101 vietn\u0113 tiek izmantotas s\u012bkdatnes, kas pal\u012bdz personaliz\u0113t saturu un rekl\u0101mas, k\u0101 ar\u012b pal\u012bdz analiz\u0113t vietnes apmekl\u0113t\u0101ju pl\u016bsmu. P\u0101rl\u016bkojot vietni farmada.eu, j\u016bs pie\u0146emat oblig\u0101t\u0101s s\u012bkdatnes.<\/p>\n\n\n\n<p class=\"wp-block-paragraph\">S\u012bkdatnes ir nelieli inform\u0101cijas elementi, kas tiek saglab\u0101ti j\u016bsu interneta p\u0101rl\u016bkprogramm\u0101. S\u012bkdatnes nevar p\u0101rn\u0113s\u0101t \u013caunpr\u0101t\u012bgu programmat\u016bru vai v\u012brusus.<\/p>\n\n\n\n<p class=\"wp-block-paragraph\">M\u0113s un m\u016bsu partneri izmantojam s\u012bkdatnes, kas \u013cauj uzkr\u0101t un piek\u013c\u016bt personas datiem (piem\u0113ram, p\u0101rl\u016bko\u0161anas inform\u0101cijai), lai m\u0113s var\u0113tu personaliz\u0113t saturu un rekl\u0101mas, k\u0101 ar\u012b analiz\u0113t vietnes datpl\u016bsmu. J\u016bs varat main\u012bt vai atsaukt savu piekri\u0161anu s\u012bkdatn\u0113m jebkur\u0101 laik\u0101. Oblig\u0101taj\u0101m s\u012bkdatn\u0113m j\u016bsu piekri\u0161ana nav nepiecie\u0161ama, jo t\u0101s darbojas nep\u0101rtraukti. Pie\u0146emot m\u016bsu vietnes s\u012bkdatnes, j\u016bs pie\u0146emat ar\u012b m\u016bsu partneru s\u012bkdatnes.<\/p>\n\n\n\n<p class=\"wp-block-paragraph\"><strong>Licence<\/strong>:<\/p>\n\n\n\n<p class=\"wp-block-paragraph\">Visa farmada.eu vietne un taj\u0101 eso\u0161ais saturs ir UAB FARMEDA intelektu\u0101lais \u012bpa\u0161ums. Visas intelektu\u0101l\u0101 \u012bpa\u0161uma ties\u012bbas ir aizsarg\u0101tas. Jums ir j\u0101iev\u0113ro \u0161aj\u0101 dokument\u0101 izkl\u0101st\u012btie noteikumi.<\/p>\n\n\n\n<p class=\"wp-block-paragraph\">Jums ir aizliegts:<\/p>\n\n\n\n<ul class=\"wp-block-list\">\n<li>Kop\u0113t vai atk\u0101rtoti izmantot jebk\u0101du saturu no farmeda.eu;<\/li>\n\n\n\n<li>P\u0101rdot t\u0101l\u0101k, iznom\u0101t vai pie\u0161\u0137irt licenci farmeda.eu saturam;<\/li>\n\n\n\n<li>Dubl\u0113t vai k\u0101 cit\u0101di m\u0113\u0123in\u0101t reproduc\u0113t vietnes farmeda.eu saturu;<\/li>\n\n\n\n<li>Cit\u0101di nelikum\u012bgi izplat\u012bt vietnes farmeda.eu saturu.<\/li>\n<\/ul>\n\n\n\n<p class=\"wp-block-paragraph\">\u0160is l\u012bgums st\u0101jas sp\u0113k\u0101 no \u0161\u012b dokumenta izveido\u0161anas datuma.<\/p>\n\n\n\n<p class=\"wp-block-paragraph\">Da\u017e\u0101s vietnes sada\u013c\u0101s j\u016bs varat dal\u012bties ar savu viedokli un inform\u0101ciju. UAB FARMEDA neredi\u0123\u0113, nepublic\u0113 un nep\u0101rbauda vietnes apmekl\u0113t\u0101ju koment\u0101rus pirms to public\u0113\u0161anas vietn\u0113. Vietnes apmekl\u0113t\u0101ju koment\u0101ri neatspogu\u013co UAB FARMEDA un uz\u0146\u0113muma partneru uzskatus un nost\u0101ju. UAB FARMEDA neuz\u0146emas atbild\u012bbu par vietnes apmekl\u0113t\u0101ju koment\u0101riem un jebk\u0101diem boj\u0101jumiem vai zaud\u0113jumiem, ko izrais\u012bju\u0161i vietnes apmekl\u0113t\u0101ju koment\u0101ri.<\/p>\n\n\n\n<p class=\"wp-block-paragraph\">UAB FARMEDA patur ties\u012bbas uzraudz\u012bt vietnes apmekl\u0113t\u0101ju koment\u0101rus un no\u0146emt aizvainojo\u0161us, nepiem\u0113rotus un m\u016bsu pakalpojumu snieg\u0161anas noteikumus p\u0101rk\u0101pjo\u0161us koment\u0101rus.<\/p>\n\n\n\n<p class=\"wp-block-paragraph\">Piekr\u012btot \u0161im dokumentam, j\u016bs garant\u0113jat, ka:<\/p>\n\n\n\n<ul class=\"wp-block-list\">\n<li>Public\u0113siet tikai piem\u0113rotus koment\u0101rus m\u016bsu vietn\u0113;<\/li>\n\n\n\n<li>J\u016bsu koment\u0101ri nep\u0101rk\u0101pj uz\u0146\u0113muma intelektu\u0101l\u0101 \u012bpa\u0161uma ties\u012bbas, tre\u0161o pu\u0161u autorties\u012bbas un pre\u010du z\u012bmju noteikumus;<\/li>\n\n\n\n<li>J\u016bsu koment\u0101ros nav nek\u0101du likumus p\u0101rk\u0101pjo\u0161u vai cit\u0101di kait\u012bgu materi\u0101lu, ko var\u0113tu trakt\u0113t k\u0101 citu personu priv\u0101tuma p\u0101rk\u0101pumu;<\/li>\n\n\n\n<li>J\u016bsu koment\u0101ri netiks izmantoti m\u0113r\u0137tiec\u012bgai citu uz\u0146\u0113mumu vai nelikum\u012bgu darb\u012bbu reklam\u0113\u0161anai.<\/li>\n<\/ul>\n\n\n\n<p class=\"wp-block-paragraph\">Piekr\u012btot \u0161im dokumentam, j\u016bs ar\u012b pie\u0161\u0137irat UAB FARMEDA ties\u012bbas izmantot, reproduc\u0113t, redi\u0123\u0113t un pie\u0161\u0137irt cit\u0101m person\u0101m ties\u012bbas izmantot, redi\u0123\u0113t vai reproduc\u0113t j\u016bsu koment\u0101rus jebk\u0101dos veidos un kan\u0101los.<\/p>\n\n\n\n<p class=\"wp-block-paragraph\"><strong>Hipersaites uz m\u016bsu saturu<\/strong>:<\/p>\n\n\n\n<p class=\"wp-block-paragraph\">\u0160\u012bs organiz\u0101cijas var novirz\u012bt apmekl\u0113t\u0101jus uz m\u016bsu vietni, izmantojot saites bez iepriek\u0161\u0113ja apstiprin\u0101juma:<\/p>\n\n\n\n<ul class=\"wp-block-list\">\n<li>Valsts organiz\u0101cijas;<\/li>\n\n\n\n<li>Mekl\u0113t\u0101jprogrammas;<\/li>\n\n\n\n<li>Pla\u0161sazi\u0146as l\u012bdzek\u013cu organiz\u0101cijas;<\/li>\n\n\n\n<li>Vis\u0101 pasaul\u0113 atz\u012bti uz\u0146\u0113mumi, iz\u0146emot tos, kas pied\u0101v\u0101 bezpe\u013c\u0146as organiz\u0101ciju vai labdar\u012bbas organiz\u0101ciju pakalpojumus, kuri nedr\u012bkst novirz\u012bt savu viet\u0146u apmekl\u0113t\u0101jus uz m\u016bsu vietni, izmantojot hipersaites.<\/li>\n<\/ul>\n\n\n\n<p class=\"wp-block-paragraph\">\u0160\u012bs organiz\u0101cijas var novirz\u012bt savus apmekl\u0113t\u0101jus uz m\u016bsu vietnes s\u0101kumlapu, publik\u0101cij\u0101m vai citu vietnes saturu, ja vien hipersaite: (a) nav maldino\u0161a; (b) nenor\u0101da uz nepaties\u0101m sponsor\u0113\u0161anas kampa\u0146\u0101m vai maldino\u0161u saiti ievietoju\u0161\u0101s vietnes produktu rekl\u0101mu; (c) ir atbilsto\u0161a vietnes satura kontekst\u0101.<\/p>\n\n\n\n<p class=\"wp-block-paragraph\">M\u016bsu uz\u0146\u0113mums var apstiprin\u0101t hipersai\u0161u kop\u012bgo\u0161anu no \u0161\u0101d\u0101m organiz\u0101cij\u0101m:<\/p>\n\n\n\n<ul class=\"wp-block-list\">\n<li>Pla\u0161i zin\u0101mi pat\u0113r\u0113t\u0101ju vai biznesa inform\u0101cijas avoti;<\/li>\n\n\n\n<li>Dot.com kopienu vietnes;<\/li>\n\n\n\n<li>Labdar\u012bbas organiz\u0101ciju vai t\u0101s p\u0101rst\u0101vo\u0161o grupu asoci\u0101cijas;<\/li>\n\n\n\n<li>Digit\u0101lo katalogu izplat\u012bt\u0101ji;<\/li>\n\n\n\n<li>Interneta zi\u0146u port\u0101li;<\/li>\n\n\n\n<li>Gr\u0101matved\u012bbas un juridisk\u0101s konsult\u0101ciju firmas; un<\/li>\n\n\n\n<li>Izgl\u012bt\u012bbas iest\u0101des.<\/li>\n<\/ul>\n\n\n\n<p class=\"wp-block-paragraph\">M\u0113s apstiprin\u0101sim \u0161o organiz\u0101ciju iesniegtos hipersai\u0161u piepras\u012bjumus, ja nolemsim, ka: (a) saite nekait\u0113s m\u016bsu un m\u016bsu partneru t\u0113lam; (b) organiz\u0101cijai, public\u0113jot saiti, nav kaitniecisku nol\u016bku pret m\u016bsu uz\u0146\u0113mumu; (c) saites ieg\u016bt\u0101 redzam\u012bba labv\u0113l\u012bgi ietekm\u0113 UAB FARMEDA; un (d) saite sniedz noder\u012bgu inform\u0101ciju.<\/p>\n\n\n\n<p class=\"wp-block-paragraph\">\u0160\u012bs organiz\u0101cijas var ievietot saites, kas novirza uz m\u016bsu vietnes s\u0101kumlapu, ja saite: (a) nek\u0101d\u0101 veid\u0101 nav maldino\u0161a; (b) nenor\u0101da uz nepaties\u0101m sponsor\u0113\u0161anas kampa\u0146\u0101m vai maldino\u0161u saiti ievietoju\u0161\u0101s vietnes produktu rekl\u0101mu; (c) ir atbilsto\u0161a vietnes satura kontekst\u0101.<\/p>\n\n\n\n<p class=\"wp-block-paragraph\">Ja esat k\u0101das no iepriek\u0161\u0113j\u0101 rindkop\u0101 min\u0113to organiz\u0101ciju p\u0101rst\u0101vis un v\u0113laties ievietot saiti uz m\u016bsu vietni, l\u016bdzu, inform\u0113jiet m\u016bs par to UAB FARMEDA pa e-pastu info@farmeda.eu. Sav\u0101 v\u0113stul\u0113 iepaz\u012bstiniet ar sevi un savu organiz\u0101ciju, pievienojiet savas vietnes URL adresi, to lapu URL adreses, kur\u0101s v\u0113laties ievietot m\u016bsu vietnes saiti, k\u0101 ar\u012b sarakstu ar m\u016bsu vietnes lapu URL, uz kur\u0101m v\u0113laties izveidot saiti no savas vietnes. Atbildi vajadz\u0113tu sa\u0146emt 2\u20133 ned\u0113\u013cu laik\u0101.<\/p>\n\n\n\n<p class=\"wp-block-paragraph\">Organiz\u0101cijas, kas sa\u0146\u0113mu\u0161as apstiprin\u0101jumu, var ievietot saites uz m\u016bsu vietni:<\/p>\n\n\n\n<ul class=\"wp-block-list\">\n<li>Izmantojot m\u016bsu uz\u0146\u0113muma nosaukumu; vai<\/li>\n\n\n\n<li>Izmantojot t\u0101s lapas nosaukumu, uz kuru tiks novirz\u012bti apmekl\u0113t\u0101ji; vai<\/li>\n\n\n\n<li>Izmantojot jebk\u0101du citu piem\u0113rotu vietnes aprakstu, kas atbilst saiti ievietojo\u0161\u0101s vietnes satura kontekstam.<\/li>\n<\/ul>\n\n\n\n<p class=\"wp-block-paragraph\">UAB FARMEDA logotipa un citu pre\u010du z\u012bmes elementu izmanto\u0161ana ir stingri aizliegta bez \u0161o elementu izmanto\u0161anas at\u013caujas sa\u0146em\u0161anas.<\/p>\n\n\n\n<p class=\"wp-block-paragraph\"><strong>Satura izmanto\u0161ana<\/strong>:<\/p>\n\n\n\n<p class=\"wp-block-paragraph\">M\u0113s neesam atbild\u012bgi par j\u016bsu vietn\u0113 izvietoto saturu. J\u016bs piekr\u012btat aizst\u0101v\u0113t m\u016bs jebk\u0101dos tiesved\u012bbas str\u012bdos, kas izriet no j\u016bsu vietnes izmanto\u0161anas. Saites nedr\u012bkst par\u0101d\u012bties vietn\u0113, kuru var (vai var\u0113tu) interpret\u0113t k\u0101 apmelojo\u0161u, noziedz\u012bgu vai neleg\u0101lu un kas p\u0101rk\u0101pj vai atbalsta tre\u0161o pu\u0161u ties\u012bbu p\u0101rk\u0101pumus.<\/p>\n\n\n\n<p class=\"wp-block-paragraph\"><strong>Papildu ties\u012bbas<\/strong>:<\/p>\n\n\n\n<p class=\"wp-block-paragraph\">M\u0113s paturam ties\u012bbas piepras\u012bt no\u0146emt public\u0113to saiti (vai saites) uz m\u016bsu vietni. J\u016bs piekr\u012btat nekav\u0113joties no\u0146emt saites p\u0113c m\u016bsu piepras\u012bjuma. M\u0113s ar\u012b paturam ties\u012bbas jebkur\u0101 laik\u0101 main\u012bt m\u016bsu pakalpojumu lieto\u0161anas noteikumus un sai\u0161u ievieto\u0161anas politiku. Turpinot nodro\u0161in\u0101t saites uz m\u016bsu vietni, j\u016bs piekr\u012btat iev\u0113rot \u0161os noteikumus un nosac\u012bjumus.<\/p>\n\n\n\n<p class=\"wp-block-paragraph\"><strong>Sai\u0161u no\u0146em\u0161ana no m\u016bsu vietnes:<\/strong><\/p>\n\n\n\n<p class=\"wp-block-paragraph\">Ja m\u016bsu vietn\u0113 atrodat saiti, kas jums ir nepie\u0146emama, l\u016bdzu, nekav\u0113joties sazinieties ar mums. M\u0113s apsv\u0113rsim j\u016bsu saites no\u0146em\u0161anu no m\u016bsu vietnes, ta\u010du m\u0113s paturam ties\u012bbas to neno\u0146emt vai neatbild\u0113t uz j\u016bsu piepras\u012bjumu tie\u0161i.<\/p>\n\n\n\n<p class=\"wp-block-paragraph\">M\u0113s negarant\u0113jam \u0161\u012bs vietnes inform\u0101cijas pareiz\u012bbu. M\u0113s negarant\u0113jam inform\u0101cijas piln\u012bgumu vai precizit\u0101ti, k\u0101 ar\u012b neuz\u0146emamies saist\u012bbas atjaunin\u0101t vietnes inform\u0101ciju.<\/p>\n\n\n\n<p class=\"wp-block-paragraph\"><strong>Br\u012bdin\u0101jums<\/strong>:<\/p>\n\n\n\n<p class=\"wp-block-paragraph\">M\u0113s negarant\u0113jam, ka \u0161aj\u0101 vietn\u0113 eso\u0161ais saturs ir piem\u0113rots vis\u0101s valst\u012bs vai jurisdikcij\u0101s. \u0160is dokuments:<\/p>\n\n\n\n<ul class=\"wp-block-list\">\n<li>Neierobe\u017eo un neatce\u013c m\u016bsu un j\u016bsu atbild\u012bbu par n\u0101vi vai traum\u0101m;<\/li>\n\n\n\n<li>Neierobe\u017eo m\u016bsu un j\u016bsu atbild\u012bbu par kr\u0101p\u0161anu;<\/li>\n\n\n\n<li>Neierobe\u017eo m\u016bsu un j\u016bsu atbild\u012bbu pret valsts likumiem; un<\/li>\n\n\n\n<li>Neierobe\u017eo m\u016bsu un j\u016bsu atbild\u012bbu, kas nav ierobe\u017eojama saska\u0146\u0101 ar valsts likumiem.<\/li>\n<\/ul>\n\n\n\n<p class=\"wp-block-paragraph\">Ierobe\u017eojumi un aizliegumi, kas nor\u0101d\u012bti \u0161aj\u0101 sada\u013c\u0101 un cit\u0101s dokumenta viet\u0101s: (a) attiecas ar\u012b uz iepriek\u0161\u0113j\u0101m dokumenta sada\u013c\u0101m; un (b) nosaka atbild\u012bbu par \u0161o br\u012bdin\u0101jumu, tostarp atbild\u012bbu, kas izriet no l\u012bguma vai paredz\u0113to noteikumu p\u0101rk\u0101puma.<\/p>\n\n\n\n<p class=\"wp-block-paragraph\">Kam\u0113r vietn\u0113 tiek sniegti bezmaksas pakalpojumi un inform\u0101cija, m\u0113s neb\u016bsim atbild\u012bgi par jebk\u0101diem zaud\u0113jumiem vai kait\u0113jumu.<\/p>\n","protected":false},"excerpt":{"rendered":"<p>Laipni l\u016bdzam farmada.eu! \u0160aj\u0101 dokument\u0101 ir noteikti uz\u0146\u0113muma UAB FARMEDA t\u012bmek\u013ca vietnes https:\/\/farmeda.eu lieto\u0161anas noteikumi. Ir svar\u012bgi izprast \u0161os nosac\u012bjumus, jo jums tiem ir j\u0101piekr\u012bt, lai var\u0113tu izmantot m\u016bsu pakalpojumus. Ja nepiekr\u012btat \u0161aj\u0101 dokument\u0101 izkl\u0101st\u012btajiem noteikumiem un nosac\u012bjumiem, jums ir j\u0101atst\u0101j farmada.eu. M\u0101ksl\u012bgais intelekts (MI): T\u012bmek\u013ca vietnes dizain\u0101 un k\u0101 dekorat\u012bvs fons tiek izmantoti ar [&hellip;]<\/p>\n","protected":false},"author":2,"featured_media":0,"parent":0,"menu_order":0,"comment_status":"closed","ping_status":"closed","template":"","meta":{"_acf_changed":false,"footnotes":""},"class_list":["post-3058","page","type-page","status-publish","hentry"],"blocksy_meta":[],"acf":[],"_links":{"self":[{"href":"https:\/\/farmeda.eu\/lv\/wp-json\/wp\/v2\/pages\/3058","targetHints":{"allow":["GET"]}}],"collection":[{"href":"https:\/\/farmeda.eu\/lv\/wp-json\/wp\/v2\/pages"}],"about":[{"href":"https:\/\/farmeda.eu\/lv\/wp-json\/wp\/v2\/types\/page"}],"author":[{"embeddable":true,"href":"https:\/\/farmeda.eu\/lv\/wp-json\/wp\/v2\/users\/2"}],"replies":[{"embeddable":true,"href":"https:\/\/farmeda.eu\/lv\/wp-json\/wp\/v2\/comments?post=3058"}],"version-history":[{"count":4,"href":"https:\/\/farmeda.eu\/lv\/wp-json\/wp\/v2\/pages\/3058\/revisions"}],"predecessor-version":[{"id":5004,"href":"https:\/\/farmeda.eu\/lv\/wp-json\/wp\/v2\/pages\/3058\/revisions\/5004"}],"wp:attachment":[{"href":"https:\/\/farmeda.eu\/lv\/wp-json\/wp\/v2\/media?parent=3058"}],"curies":[{"name":"wp","href":"https:\/\/api.w.org\/{rel}","templated":true}]}}